{"id":35,"date":"2020-03-31T14:46:18","date_gmt":"2020-03-31T14:46:18","guid":{"rendered":"https:\/\/www.isunitasbrasil.org\/?page_id=35"},"modified":"2024-01-07T15:55:54","modified_gmt":"2024-01-07T18:55:54","slug":"home","status":"publish","type":"page","link":"https:\/\/www.isunitasbrasil.org\/","title":{"rendered":"Home"},"content":{"rendered":"<p>[et_pb_section fb_built=&#8221;1&#8243; fullwidth=&#8221;on&#8221; prev_background_color=&#8221;#ffffff&#8221; _builder_version=&#8221;4.16&#8243; background_image=&#8221;https:\/\/www.isunitasbrasil.org\/wp-content\/uploads\/2020\/06\/IMG-20200614-WA00091.jpg&#8221; width_tablet=&#8221;&#8221; width_phone=&#8221;100%&#8221; width_last_edited=&#8221;on|phone&#8221; max_width_tablet=&#8221;&#8221; max_width_phone=&#8221;100%&#8221; max_width_last_edited=&#8221;on|phone&#8221; top_divider_style=&#8221;clouds2&#8243; hover_enabled=&#8221;0&#8243; module_alignment_tablet=&#8221;&#8221; module_alignment_phone=&#8221;center&#8221; module_alignment_last_edited=&#8221;on|phone&#8221; global_colors_info=&#8221;{}&#8221; sticky_enabled=&#8221;0&#8243;][et_pb_fullwidth_header title=&#8221;Instituto Secular Unitas-Brasil&#8221; text_orientation=&#8221;center&#8221; header_fullscreen=&#8221;on&#8221; button_one_url=&#8221;https:\/\/www.isunitasbrasil.org\/?page_id=70&#8243; _builder_version=&#8221;4.23.1&#8243; title_font=&#8221;Poppins|700|||||||&#8221; title_text_color=&#8221;#032b35&#8243; title_font_size=&#8221;60px&#8221; title_letter_spacing=&#8221;2px&#8221; subhead_font=&#8221;Poppins||||||||&#8221; subhead_text_color=&#8221;#5c5c5c&#8221; subhead_font_size=&#8221;31px&#8221; background_enable_color=&#8221;off&#8221; background_color_gradient_direction=&#8221;360deg&#8221; background_image=&#8221;https:\/\/www.isunitasbrasil.org\/wp-content\/uploads\/2024\/01\/IMG-20230226-WA0002.jpg&#8221; custom_button_one=&#8221;on&#8221; button_one_text_size=&#8221;29px&#8221; button_one_text_color=&#8221;#ffffff&#8221; button_one_bg_color=&#8221;#00208a&#8221; button_one_border_width=&#8221;0px&#8221; button_one_border_color=&#8221;#00208a&#8221; button_one_border_radius=&#8221;10px&#8221; button_one_letter_spacing=&#8221;1px&#8221; button_one_font=&#8221;Poppins||||||||&#8221; button_one_use_icon=&#8221;off&#8221; filter_hue_rotate=&#8221;19deg&#8221; filter_saturate=&#8221;80%&#8221; filter_brightness=&#8221;114%&#8221; hover_enabled=&#8221;0&#8243; title_text_align_tablet=&#8221;&#8221; title_text_align_phone=&#8221;center&#8221; title_text_align_last_edited=&#8221;on|phone&#8221; title_font_size_tablet=&#8221;&#8221; title_font_size_phone=&#8221;45px&#8221; title_font_size_last_edited=&#8221;on|phone&#8221; title_text_shadow_style=&#8221;preset1&#8243; title_text_shadow_blur_strength=&#8221;0.64em&#8221; title_text_shadow_color=&#8221;#ffffff&#8221; global_colors_info=&#8221;{}&#8221; button_one_text_color__hover_enabled=&#8221;on|desktop&#8221; button_one_bg_color__hover_enabled=&#8221;on|desktop&#8221; button_one_text_color__hover=&#8221;#ffffff&#8221; button_one_bg_color__hover=&#8221;#00208a&#8221; sticky_enabled=&#8221;0&#8243; title_text=&#8221;IMG-20230226-WA0002&#8243;][\/et_pb_fullwidth_header][\/et_pb_section][et_pb_section fb_built=&#8221;1&#8243; _builder_version=&#8221;4.16&#8243; vertical_offset=&#8221;-140px&#8221; horizontal_offset=&#8221;-1px&#8221; min_height=&#8221;1227.9px&#8221; min_height_tablet=&#8221;&#8221; min_height_phone=&#8221;100px&#8221; min_height_last_edited=&#8221;on|phone&#8221; height_tablet=&#8221;&#8221; height_phone=&#8221;-6px&#8221; height_last_edited=&#8221;on|phone&#8221; max_height=&#8221;1000px&#8221; max_height_tablet=&#8221;&#8221; max_height_phone=&#8221;-6px&#8221; max_height_last_edited=&#8221;on|phone&#8221; custom_margin=&#8221;||-209px|||&#8221; global_colors_info=&#8221;{}&#8221;][et_pb_row column_structure=&#8221;1_2,1_2&#8243; _builder_version=&#8221;4.16&#8243; vertical_offset=&#8221;-56px&#8221; horizontal_offset=&#8221;4px&#8221; position_origin_a_tablet=&#8221;&#8221; position_origin_a_phone=&#8221;&#8221; position_origin_a_last_edited=&#8221;on|phone&#8221; position_origin_f_tablet=&#8221;&#8221; position_origin_f_phone=&#8221;&#8221; position_origin_f_last_edited=&#8221;on|phone&#8221; position_origin_r_tablet=&#8221;&#8221; position_origin_r_phone=&#8221;&#8221; position_origin_r_last_edited=&#8221;on|phone&#8221; custom_margin=&#8221;|auto|-42px|auto||&#8221; custom_padding=&#8221;||27px|||&#8221; positioning_tablet=&#8221;&#8221; positioning_phone=&#8221;&#8221; positioning_last_edited=&#8221;on|phone&#8221; global_colors_info=&#8221;{}&#8221;][et_pb_column type=&#8221;1_2&#8243; _builder_version=&#8221;4.16&#8243; global_colors_info=&#8221;{}&#8221;][et_pb_text _builder_version=&#8221;4.16&#8243; text_font=&#8221;Poppins|600|||||||&#8221; text_text_color=&#8221;#ffffff&#8221; text_font_size=&#8221;23px&#8221; background_color=&#8221;#1a0052&#8243; text_orientation=&#8221;center&#8221; width=&#8221;39%&#8221; width_tablet=&#8221;&#8221; width_phone=&#8221;&#8221; width_last_edited=&#8221;on|phone&#8221; custom_padding=&#8221;10px|15px|10px|15px|false|false&#8221; custom_padding_tablet=&#8221;&#8221; custom_padding_phone=&#8221;12px|15px|12px|15px|false|false&#8221; custom_padding_last_edited=&#8221;on|phone&#8221; text_font_size_tablet=&#8221;&#8221; text_font_size_phone=&#8221;15px&#8221; text_font_size_last_edited=&#8221;on|phone&#8221; text_orientation_phone=&#8221;center&#8221; text_orientation_last_edited=&#8221;off|desktop&#8221; global_colors_info=&#8221;{}&#8221;]<\/p>\n<p>Quem somos<\/p>\n<p>[\/et_pb_text][et_pb_divider divider_weight=&#8221;1px&#8221; _builder_version=&#8221;4.16&#8243; background_color=&#8221;#727272&#8243; width=&#8221;12%&#8221; min_height=&#8221;1px&#8221; height=&#8221;3px&#8221; global_colors_info=&#8221;{}&#8221;][\/et_pb_divider][et_pb_text _builder_version=&#8221;4.16&#8243; text_font=&#8221;Poppins||||||||&#8221; text_orientation=&#8221;justified&#8221; global_colors_info=&#8221;{}&#8221;]<\/p>\n<p>O <a href=\"https:\/\/cnisb.org.br\/documentos\/\"><span color=\"#808080\" style=\"color: #808080;\"><b><u>Instituto Secular\u00a0<\/u><\/b><\/span><\/a>Unitas-Brasil \u00e9 uma institui\u00e7\u00e3o de direito privado, sem fins lucrativos, com aprova\u00e7\u00e3o de direito Diocesano; cujos membros, inseridos nas mais diversas realidades temporais de acordo com as pr\u00f3prias aspira\u00e7\u00f5es e dons e procurando viver segundo os Conselhos Evang\u00e9licos, se prop\u00f5em a realizar pessoal e comunitariamente uma vida de profunda a\u00e7\u00e3o e contempla\u00e7\u00e3o no s\u00e9culo.<\/p>\n<p>[\/et_pb_text][et_pb_button button_url=&#8221;https:\/\/www.isunitasbrasil.org\/?page_id=70&#038;et_fb=1&#038;PageSpeed=off&#8221; button_text=&#8221;Saiba mais&#8221; _builder_version=&#8221;4.16&#8243; custom_button=&#8221;on&#8221; button_text_size=&#8221;18px&#8221; button_text_color=&#8221;#ffffff&#8221; button_bg_color=&#8221;#727272&#8243; button_border_width=&#8221;0px&#8221; button_border_radius=&#8221;13px&#8221; button_font=&#8221;Poppins|600|||||||&#8221; button_use_icon=&#8221;off&#8221; global_colors_info=&#8221;{}&#8221;][\/et_pb_button][\/et_pb_column][et_pb_column type=&#8221;1_2&#8243; _builder_version=&#8221;4.16&#8243; global_colors_info=&#8221;{}&#8221;][et_pb_slider arrows_custom_color=&#8221;#474747&#8243; dot_nav_custom_color=&#8221;#1a0052&#8243; _builder_version=&#8221;4.16&#8243; background_image=&#8221;https:\/\/www.isunitasbrasil.org\/wp-content\/uploads\/2022\/03\/7baf0409b3985d2a3ff3efd06b3bd1ec.jpg&#8221; global_colors_info=&#8221;{}&#8221;][et_pb_slide heading=&#8221;Conhe\u00e7a nosso espa\u00e7o&#8221; button_text=&#8221;Fale conosco&#8221; button_link=&#8221;https:\/\/www.isunitasbrasil.org\/?page_id=219&#038;et_fb=1&#038;PageSpeed=off&#8221; _builder_version=&#8221;4.16&#8243; header_font=&#8221;Poppins|600|||||||&#8221; header_text_align=&#8221;center&#8221; header_text_color=&#8221;#1a0052&#8243; header_font_size=&#8221;50px&#8221; body_font=&#8221;Poppins||||||||&#8221; body_text_color=&#8221;#474747&#8243; body_line_height=&#8221;1.8em&#8221; background_color=&#8221;RGBA(255,255,255,0)&#8221; background_enable_color=&#8221;on&#8221; background_image=&#8221;https:\/\/www.isunitasbrasil.org\/wp-content\/uploads\/2022\/03\/7baf0409b3985d2a3ff3efd06b3bd1ec.jpg&#8221; background_enable_image=&#8221;on&#8221; custom_button=&#8221;on&#8221; button_text_size=&#8221;18px&#8221; button_text_color=&#8221;#ffffff&#8221; button_bg_color=&#8221;#727272&#8243; button_border_width=&#8221;0px&#8221; button_border_radius=&#8221;13px&#8221; button_font=&#8221;Poppins|600|||||||&#8221; button_use_icon=&#8221;off&#8221; button_alignment=&#8221;center&#8221; text_orientation=&#8221;justified&#8221; header_font_size_tablet=&#8221;&#8221; header_font_size_phone=&#8221;35px&#8221; header_font_size_last_edited=&#8221;on|phone&#8221; global_colors_info=&#8221;{}&#8221; sticky_transition=&#8221;on&#8221;]<\/p>\n<p>Como membros de Unitas-Brasil, cada um reside em seu pr\u00f3prio meio, individualmente ou em fam\u00edlia. No bairro Cidade Jardim, em Belo Horizonte, est\u00e1 localizada a nossa casa sede, onde acontecem nossos encontros mensais, como tamb\u00e9m outras atividades sem liga\u00e7\u00e3o direta com o Instituto.<\/p>\n<p>[\/et_pb_slide][et_pb_slide _builder_version=&#8221;4.16&#8243; background_color=&#8221;#1a0052&#8243; background_enable_color=&#8221;on&#8221; background_image=&#8221;https:\/\/www.isunitasbrasil.org\/wp-content\/uploads\/2021\/03\/Oracao-e-silencio.jpg&#8221; background_enable_image=&#8221;on&#8221; background_size=&#8221;contain&#8221; global_colors_info=&#8221;{}&#8221; sticky_transition=&#8221;on&#8221;][\/et_pb_slide][\/et_pb_slider][\/et_pb_column][\/et_pb_row][et_pb_row column_structure=&#8221;1_2,1_2&#8243; _builder_version=&#8221;4.16&#8243; vertical_offset=&#8221;48px&#8221; horizontal_offset=&#8221;4px&#8221; vertical_offset_tablet=&#8221;&#8221; vertical_offset_phone=&#8221;4px&#8221; vertical_offset_last_edited=&#8221;on|phone&#8221; position_origin_a_tablet=&#8221;&#8221; position_origin_a_phone=&#8221;&#8221; position_origin_a_last_edited=&#8221;on|phone&#8221; position_origin_f_tablet=&#8221;&#8221; position_origin_f_phone=&#8221;&#8221; position_origin_f_last_edited=&#8221;on|phone&#8221; position_origin_r_tablet=&#8221;&#8221; position_origin_r_phone=&#8221;&#8221; position_origin_r_last_edited=&#8221;on|phone&#8221; min_height=&#8221;213.4px&#8221; custom_margin=&#8221;46px|auto|-166px|auto||&#8221; custom_padding=&#8221;||0px|||&#8221; positioning_tablet=&#8221;&#8221; positioning_phone=&#8221;&#8221; positioning_last_edited=&#8221;on|phone&#8221; global_colors_info=&#8221;{}&#8221;][et_pb_column type=&#8221;1_2&#8243; _builder_version=&#8221;4.16&#8243; global_colors_info=&#8221;{}&#8221;][et_pb_image src=&#8221;https:\/\/www.isunitasbrasil.org\/wp-content\/uploads\/2021\/04\/Pg-Home.png&#8221; _builder_version=&#8221;4.16&#8243; positioning=&#8221;relative&#8221; vertical_offset=&#8221;-177px&#8221; horizontal_offset=&#8221;-26px&#8221; z_index=&#8221;172&#8243; vertical_offset_tablet=&#8221;&#8221; vertical_offset_phone=&#8221;-117px&#8221; vertical_offset_last_edited=&#8221;on|phone&#8221; position_origin_a_tablet=&#8221;&#8221; position_origin_a_phone=&#8221;&#8221; position_origin_a_last_edited=&#8221;on|phone&#8221; position_origin_f_tablet=&#8221;&#8221; position_origin_f_phone=&#8221;&#8221; position_origin_f_last_edited=&#8221;on|phone&#8221; position_origin_r_tablet=&#8221;&#8221; position_origin_r_phone=&#8221;&#8221; position_origin_r_last_edited=&#8221;on|phone&#8221; positioning_tablet=&#8221;&#8221; positioning_phone=&#8221;&#8221; positioning_last_edited=&#8221;on|phone&#8221; global_colors_info=&#8221;{}&#8221;][\/et_pb_image][\/et_pb_column][et_pb_column type=&#8221;1_2&#8243; _builder_version=&#8221;4.16&#8243; global_colors_info=&#8221;{}&#8221;][et_pb_text _builder_version=&#8221;4.16&#8243; text_font=&#8221;Poppins|600|||||||&#8221; text_text_color=&#8221;#ffffff&#8221; text_font_size=&#8221;23px&#8221; text_line_height=&#8221;1.8em&#8221; background_color=&#8221;#1a0052&#8243; positioning=&#8221;relative&#8221; vertical_offset=&#8221;-86px&#8221; vertical_offset_tablet=&#8221;&#8221; vertical_offset_phone=&#8221;-117px&#8221; vertical_offset_last_edited=&#8221;on|phone&#8221; position_origin_a_tablet=&#8221;&#8221; position_origin_a_phone=&#8221;&#8221; position_origin_a_last_edited=&#8221;on|phone&#8221; position_origin_f_tablet=&#8221;&#8221; position_origin_f_phone=&#8221;&#8221; position_origin_f_last_edited=&#8221;on|phone&#8221; position_origin_r_tablet=&#8221;&#8221; position_origin_r_phone=&#8221;&#8221; position_origin_r_last_edited=&#8221;on|phone&#8221; text_orientation=&#8221;center&#8221; width=&#8221;92%&#8221; width_tablet=&#8221;&#8221; width_phone=&#8221;100%&#8221; width_last_edited=&#8221;on|phone&#8221; max_width_tablet=&#8221;&#8221; max_width_phone=&#8221;&#8221; max_width_last_edited=&#8221;on|desktop&#8221; custom_padding=&#8221;10px||10px||false|false&#8221; custom_padding_tablet=&#8221;&#8221; custom_padding_phone=&#8221;10px|15px|10px|15px|false|false&#8221; custom_padding_last_edited=&#8221;on|phone&#8221; text_font_size_tablet=&#8221;&#8221; text_font_size_phone=&#8221;15px&#8221; text_font_size_last_edited=&#8221;on|phone&#8221; positioning_tablet=&#8221;&#8221; positioning_phone=&#8221;relative&#8221; positioning_last_edited=&#8221;on|phone&#8221; global_colors_info=&#8221;{}&#8221;]<\/p>\n<p>Viver o Evangelho no mundo hoje<\/p>\n<p>[\/et_pb_text][et_pb_divider divider_weight=&#8221;1px&#8221; _builder_version=&#8221;4.16&#8243; background_color=&#8221;#727272&#8243; vertical_offset=&#8221;-86px&#8221; vertical_offset_tablet=&#8221;&#8221; vertical_offset_phone=&#8221;-117px&#8221; vertical_offset_last_edited=&#8221;on|phone&#8221; position_origin_a_tablet=&#8221;&#8221; position_origin_a_phone=&#8221;&#8221; position_origin_a_last_edited=&#8221;on|phone&#8221; position_origin_f_tablet=&#8221;&#8221; position_origin_f_phone=&#8221;&#8221; position_origin_f_last_edited=&#8221;on|phone&#8221; position_origin_r_tablet=&#8221;&#8221; position_origin_r_phone=&#8221;&#8221; position_origin_r_last_edited=&#8221;on|phone&#8221; width=&#8221;14%&#8221; max_width=&#8221;62px&#8221; min_height=&#8221;3px&#8221; height=&#8221;3px&#8221; positioning_tablet=&#8221;&#8221; positioning_phone=&#8221;&#8221; positioning_last_edited=&#8221;on|phone&#8221; global_colors_info=&#8221;{}&#8221;][\/et_pb_divider][et_pb_text _builder_version=&#8221;4.16&#8243; text_font=&#8221;Poppins||||||||&#8221; text_letter_spacing=&#8221;2px&#8221; positioning=&#8221;relative&#8221; vertical_offset=&#8221;-96px&#8221; vertical_offset_tablet=&#8221;&#8221; vertical_offset_phone=&#8221;-127px&#8221; vertical_offset_last_edited=&#8221;on|phone&#8221; position_origin_a_tablet=&#8221;&#8221; position_origin_a_phone=&#8221;&#8221; position_origin_a_last_edited=&#8221;on|phone&#8221; position_origin_f_tablet=&#8221;&#8221; position_origin_f_phone=&#8221;&#8221; position_origin_f_last_edited=&#8221;on|phone&#8221; position_origin_r_tablet=&#8221;&#8221; position_origin_r_phone=&#8221;&#8221; position_origin_r_last_edited=&#8221;on|phone&#8221; positioning_tablet=&#8221;&#8221; positioning_phone=&#8221;relative&#8221; positioning_last_edited=&#8221;on|phone&#8221; global_colors_info=&#8221;{}&#8221;]<\/p>\n<p style=\"text-align: justify;\">A pessoa chamada \u00e0 contempla\u00e7\u00e3o n\u00e3o precisa, necessariamente, optar por uma das ordens\u00a0 contemplativas existentes. \u00c9 poss\u00edvel para leigos, unindo-se em grupo, viver como consagrados e ajudar-se mutuamente para chegar a uma vida de maior uni\u00e3o com Deus por meio da ora\u00e7\u00e3o, e almejar o dom da contempla\u00e7\u00e3o.<\/p>\n<p style=\"text-align: justify;\">O nome UNITAS quer simbolizar o ideal dos membros que procuram viver em uni\u00e3o com Deus, com a Igreja, entre si, com os outros e com toda a natureza.<\/p>\n<p>[\/et_pb_text][\/et_pb_column][\/et_pb_row][\/et_pb_section]<\/p>\n","protected":false},"excerpt":{"rendered":"<p>Quem somosO Instituto Secular\u00a0Unitas-Brasil \u00e9 uma institui\u00e7\u00e3o de direito privado, sem fins lucrativos, com aprova\u00e7\u00e3o de direito Diocesano; cujos membros, inseridos nas mais diversas realidades temporais de acordo com as pr\u00f3prias aspira\u00e7\u00f5es e dons e procurando viver segundo os Conselhos Evang\u00e9licos, se prop\u00f5em a realizar pessoal e comunitariamente uma vida de profunda a\u00e7\u00e3o e contempla\u00e7\u00e3o [&hellip;]<\/p>\n","protected":false},"author":1,"featured_media":0,"parent":0,"menu_order":0,"comment_status":"closed","ping_status":"closed","template":"","meta":{"_et_pb_use_builder":"on","_et_pb_old_content":"","_et_gb_content_width":"","footnotes":""},"_links":{"self":[{"href":"https:\/\/www.isunitasbrasil.org\/index.php?rest_route=\/wp\/v2\/pages\/35"}],"collection":[{"href":"https:\/\/www.isunitasbrasil.org\/index.php?rest_route=\/wp\/v2\/pages"}],"about":[{"href":"https:\/\/www.isunitasbrasil.org\/index.php?rest_route=\/wp\/v2\/types\/page"}],"author":[{"embeddable":true,"href":"https:\/\/www.isunitasbrasil.org\/index.php?rest_route=\/wp\/v2\/users\/1"}],"replies":[{"embeddable":true,"href":"https:\/\/www.isunitasbrasil.org\/index.php?rest_route=%2Fwp%2Fv2%2Fcomments&post=35"}],"version-history":[{"count":116,"href":"https:\/\/www.isunitasbrasil.org\/index.php?rest_route=\/wp\/v2\/pages\/35\/revisions"}],"predecessor-version":[{"id":995,"href":"https:\/\/www.isunitasbrasil.org\/index.php?rest_route=\/wp\/v2\/pages\/35\/revisions\/995"}],"wp:attachment":[{"href":"https:\/\/www.isunitasbrasil.org\/index.php?rest_route=%2Fwp%2Fv2%2Fmedia&parent=35"}],"curies":[{"name":"wp","href":"https:\/\/api.w.org\/{rel}","templated":true}]}}